{"id":987516739,"date":"2026-01-17T17:31:40","date_gmt":"2026-01-17T17:31:40","guid":{"rendered":"https:\/\/mallorcagraphics.com\/diseno-web-gratuito\/"},"modified":"2026-02-14T16:36:38","modified_gmt":"2026-02-14T16:36:38","slug":"diseno-web-gratuito","status":"publish","type":"page","link":"https:\/\/mallorcagraphics.com\/es\/diseno-web-gratuito\/","title":{"rendered":"Dise\u00f1o web gratuito"},"content":{"rendered":"<div class=\"et_pb_section_0 et_pb_section et_section_regular et_block_section preset--module--divi-section--74c69059-8e69-4122-b1e6-dfeabf6c5711\"><span class=\"et_pb_background_pattern\"><\/span>\n<div class=\"et_pb_row_0 et_pb_row et_flex_row preset--group--divi-row--divi-layout--hp3jn2g--tshh3ozcbi\">\n<div class=\"et_pb_column_0 et_pb_column et-last-child et_flex_column et_pb_css_mix_blend_mode_passthrough et_flex_column_24_24 et_flex_column_24_24_tablet et_flex_column_24_24_phone et_flex_column_24_24_phoneWide et_flex_column_24_24_tabletWide preset--group--divi-column--divi-layout--tshh3ozcbi\">\n<div class=\"et_pb_heading_0 et_pb_heading et_pb_module et_flex_module preset--group--divi-heading--divi-font--hp5h6dj--1jfqcrlnpb\"><div class=\"et_pb_heading_container\"><h1 class=\"et_pb_module_header\">Dise\u00f1o web gratuito \ud83c\udf31<\/h1><\/div><\/div>\n\n<div class=\"et_pb_heading_1 et_pb_heading et_pb_module et_flex_module\"><div class=\"et_pb_heading_container\"><h3 class=\"et_pb_module_header\">Nuestras habilidades de dise\u00f1o utilizadas para causar impacto<\/h3><\/div><\/div>\n<\/div>\n<\/div>\n<\/div>\n\n<div class=\"et_pb_section_1 et_pb_section et_section_regular et_flex_section\">\n<div class=\"et_pb_row_1 et_pb_row et_flex_row\">\n<div class=\"et_pb_column_1 et_pb_column et-last-child et_flex_column et_pb_css_mix_blend_mode_passthrough et_flex_column_24_24 et_flex_column_24_24_tablet et_flex_column_24_24_phone et_flex_column_24_24_phoneWide et_flex_column_24_24_tabletWide preset--group--divi-column--divi-layout--tshh3ozcbi\">\n<div class=\"et_pb_heading_2 et_pb_heading et_pb_module et_flex_module preset--group--divi-heading--divi-font--hp5h6dj--jnk33ap9dy\"><div class=\"et_pb_heading_container\"><h2 class=\"et_pb_module_header\">Dise\u00f1o web pro-bono apoyando proyectos significativos con soluciones digitales profesionales, impactantes y orientadas a un prop\u00f3sito.<\/h2><\/div><\/div>\n\n<div class=\"et_pb_heading_3 et_pb_heading et_pb_module et_flex_module preset--group--divi-heading--divi-font--hp5h6dj--qrdb463msw\"><div class=\"et_pb_heading_container\"><h3 class=\"et_pb_module_header\">Nuestros servicios de dise\u00f1o web pro-bono ayudan a organizaciones sin \u00e1nimo de lucro, iniciativas comunitarias y proyectos con fines espec\u00edficos a crear sitios web profesionales, mejorar la visibilidad online y comunicar su misi\u00f3n con claridad, garantizando que las causas importantes tengan el alcance y la credibilidad que merecen.<\/h3><\/div><\/div>\n<\/div>\n<\/div>\n<\/div>\n\n<div class=\"et_pb_section_2 et_pb_section et_section_regular et_flex_section\">\n<div class=\"et_pb_row_2 et_pb_row et_flex_row preset--group--divi-row--divi-layout--hp3jn2g--tshh3ozcbi\">\n<div class=\"et_pb_column_2 et_pb_column et-last-child et_flex_column et_pb_css_mix_blend_mode_passthrough et_flex_column_24_24 et_flex_column_24_24_tablet et_flex_column_24_24_phone et_flex_column_24_24_phoneWide et_flex_column_24_24_tabletWide\">\n<div class=\"et_pb_heading_4 et_pb_heading et_pb_module et_flex_module preset--group--divi-heading--divi-font--hp5h6dj--qrdb463msw\"><div class=\"et_pb_heading_container\"><h3 class=\"et_pb_module_header\">A qui\u00e9n apoyamos mediante el dise\u00f1o pro bono<\/h3><\/div><\/div>\n<\/div>\n<\/div>\n\n<div class=\"et_pb_row_3 et_pb_row et_flex_row\">\n<div class=\"et_pb_column_3 et_pb_column et_flex_column et_pb_css_mix_blend_mode_passthrough et_flex_column_1_5 et_flex_column_12_24_tablet et_flex_column_24_24_phone et_flex_column_24_24_phoneWide et_flex_column_12_24_tabletWide\">\n<div class=\"et_pb_blurb_0 et_pb_blurb et_pb_bg_layout_light et_pb_blurb_position_top et_pb_module et_flex_module preset--group--divi-blurb--divi-font--hm5q2bb--c23gkk29fu\"><div class=\"et_pb_blurb_content et_flex_module\"><div class=\"et_pb_main_blurb_image\"><span class=\"et_pb_image_wrap et_pb_only_image_mode_wrap\"><img loading=\"lazy\" decoding=\"async\" src=\"https:\/\/mallorcagraphics.com\/wp-content\/uploads\/2026\/01\/icon-solidarity.png\" alt=\"Nonprofit Organizations\" width=\"128\" height=\"128\" srcset=\"https:\/\/mallorcagraphics.com\/wp-content\/uploads\/2026\/01\/icon-solidarity.png 128w\" sizes=\"(max-width: 128px) 100vw, 128px\" class=\"wp-image-987516387\" title=\"icon-solidarity\" \/><\/span><\/div><div class=\"et_pb_blurb_container\"><h5 class=\"et_pb_module_header\">Organizaciones sin \u00e1nimo de lucro<\/h5><div class=\"et_pb_blurb_description\"><p>Ayudamos a las organizaciones sin \u00e1nimo de lucro a crear sitios web profesionales que aumenten la concienciaci\u00f3n, la confianza, las donaciones y la participaci\u00f3n de la comunidad.<\/p>\n<\/div><\/div><\/div><\/div>\n<\/div>\n\n<div class=\"et_pb_column_4 et_pb_column et_flex_column et_pb_css_mix_blend_mode_passthrough et_flex_column_1_5 et_flex_column_12_24_tablet et_flex_column_24_24_phone et_flex_column_24_24_phoneWide et_flex_column_12_24_tabletWide\">\n<div class=\"et_pb_blurb_1 et_pb_blurb et_pb_bg_layout_light et_pb_blurb_position_top et_pb_module et_flex_module preset--group--divi-blurb--divi-font--hm5q2bb--c23gkk29fu\"><div class=\"et_pb_blurb_content et_flex_module\"><div class=\"et_pb_main_blurb_image\"><span class=\"et_pb_image_wrap et_pb_only_image_mode_wrap\"><img loading=\"lazy\" decoding=\"async\" src=\"https:\/\/mallorcagraphics.com\/wp-content\/uploads\/2026\/01\/icon-charitable.png\" alt=\"Charitable Foundations\" width=\"128\" height=\"128\" srcset=\"https:\/\/mallorcagraphics.com\/wp-content\/uploads\/2026\/01\/icon-charitable.png 128w\" sizes=\"(max-width: 128px) 100vw, 128px\" class=\"wp-image-987516386\" title=\"icon-charitable\" \/><\/span><\/div><div class=\"et_pb_blurb_container\"><h5 class=\"et_pb_module_header\">Fundaciones ben\u00e9ficas<\/h5><div class=\"et_pb_blurb_description\"><p>Apoyar a las organizaciones ben\u00e9ficas con sitios web claros y accesibles que comuniquen las misiones y fomenten el apoyo p\u00fablico.<\/p>\n<\/div><\/div><\/div><\/div>\n<\/div>\n\n<div class=\"et_pb_column_5 et_pb_column et_flex_column et_pb_css_mix_blend_mode_passthrough et_flex_column_1_5 et_flex_column_12_24_tablet et_flex_column_24_24_phone et_flex_column_24_24_phoneWide et_flex_column_12_24_tabletWide\">\n<div class=\"et_pb_blurb_2 et_pb_blurb et_pb_bg_layout_light et_pb_blurb_position_top et_pb_module et_flex_module preset--group--divi-blurb--divi-font--hm5q2bb--c23gkk29fu\"><div class=\"et_pb_blurb_content et_flex_module\"><div class=\"et_pb_main_blurb_image\"><span class=\"et_pb_image_wrap et_pb_only_image_mode_wrap\"><img loading=\"lazy\" decoding=\"async\" src=\"https:\/\/mallorcagraphics.com\/wp-content\/uploads\/2026\/01\/iconprojects.png\" alt=\"Community Projects\" width=\"128\" height=\"128\" srcset=\"https:\/\/mallorcagraphics.com\/wp-content\/uploads\/2026\/01\/iconprojects.png 128w\" sizes=\"(max-width: 128px) 100vw, 128px\" class=\"wp-image-987516385\" title=\"iconprojects\" \/><\/span><\/div><div class=\"et_pb_blurb_container\"><h5 class=\"et_pb_module_header\">Proyectos comunitarios<\/h5><div class=\"et_pb_blurb_description\"><p>Potenciar las iniciativas locales con plataformas digitales que promuevan la participaci\u00f3n, la visibilidad y el crecimiento.<\/p>\n<\/div><\/div><\/div><\/div>\n<\/div>\n\n<div class=\"et_pb_column_6 et_pb_column et_flex_column et_pb_css_mix_blend_mode_passthrough et_flex_column_1_5 et_flex_column_12_24_tablet et_flex_column_24_24_phone et_flex_column_24_24_phoneWide et_flex_column_12_24_tabletWide\">\n<div class=\"et_pb_blurb_3 et_pb_blurb et_pb_bg_layout_light et_pb_blurb_position_top et_pb_module et_flex_module preset--group--divi-blurb--divi-font--hm5q2bb--c23gkk29fu\"><div class=\"et_pb_blurb_content et_flex_module\"><div class=\"et_pb_main_blurb_image\"><span class=\"et_pb_image_wrap et_pb_only_image_mode_wrap\"><img loading=\"lazy\" decoding=\"async\" src=\"https:\/\/mallorcagraphics.com\/wp-content\/uploads\/2026\/01\/icon-educational-programs.png\" alt=\"Educational Programs\" width=\"128\" height=\"128\" srcset=\"https:\/\/mallorcagraphics.com\/wp-content\/uploads\/2026\/01\/icon-educational-programs.png 128w\" sizes=\"(max-width: 128px) 100vw, 128px\" class=\"wp-image-987516384\" title=\"icon-educational-programs\" \/><\/span><\/div><div class=\"et_pb_blurb_container\"><h5 class=\"et_pb_module_header\">Programas educativos<\/h5><div class=\"et_pb_blurb_description\"><p>Proporcionamos a los centros escolares y a las iniciativas de aprendizaje sitios web f\u00e1ciles de usar que informan, atraen e inspiran.<\/p>\n<\/div><\/div><\/div><\/div>\n<\/div>\n\n<div class=\"et_pb_column_7 et_pb_column et-last-child et_flex_column et_pb_css_mix_blend_mode_passthrough et_flex_column_1_5 et_flex_column_12_24_tablet et_flex_column_24_24_phone et_flex_column_24_24_phoneWide et_flex_column_12_24_tabletWide\">\n<div class=\"et_pb_blurb_4 et_pb_blurb et_pb_bg_layout_light et_pb_blurb_position_top et_pb_module et_flex_module preset--group--divi-blurb--divi-font--hm5q2bb--c23gkk29fu\"><div class=\"et_pb_blurb_content et_flex_module\"><div class=\"et_pb_main_blurb_image\"><span class=\"et_pb_image_wrap et_pb_only_image_mode_wrap\"><img loading=\"lazy\" decoding=\"async\" src=\"https:\/\/mallorcagraphics.com\/wp-content\/uploads\/2026\/01\/iconidea.png\" alt=\"Social Impact Startups\" width=\"128\" height=\"128\" srcset=\"https:\/\/mallorcagraphics.com\/wp-content\/uploads\/2026\/01\/iconidea.png 128w\" sizes=\"(max-width: 128px) 100vw, 128px\" class=\"wp-image-987516383\" title=\"iconidea\" \/><\/span><\/div><div class=\"et_pb_blurb_container\"><h5 class=\"et_pb_module_header\">Startups de impacto social<\/h5><div class=\"et_pb_blurb_description\"><p>Ayudar a las startups impulsadas por un prop\u00f3sito con una presencia web profesional para atraer socios, financiaci\u00f3n y credibilidad.<\/p>\n<\/div><\/div><\/div><\/div>\n<\/div>\n<\/div>\n<\/div>\n\n<div class=\"et_pb_section_3 et_pb_section et_section_regular et_flex_section\">\n<div class=\"et_pb_row_4 et_pb_row et_flex_row\">\n<div class=\"et_pb_column_8 et_pb_column et-last-child et_flex_column et_pb_css_mix_blend_mode_passthrough et_flex_column_24_24 et_flex_column_24_24_tablet et_flex_column_24_24_phone et_flex_column_24_24_phoneWide et_flex_column_24_24_tabletWide\">\n<div class=\"et_pb_icon_0 et_pb_icon et_pb_module et_flex_module\"><span class=\"et_pb_icon_wrap\"><span class=\"et-pb-icon\">\uf4c4<\/span><\/span><\/div>\n\n<div class=\"et_pb_heading_5 et_pb_heading et_pb_module et_flex_module preset--group--divi-heading--divi-font--hp5h6dj--qrdb463msw\"><div class=\"et_pb_heading_container\"><h3 class=\"et_pb_module_header\">Dise\u00f1o Web Pro-Bono con Prop\u00f3sito<\/h3><\/div><\/div>\n\n<div class=\"et_pb_text_0 et_pb_text et_pb_bg_layout_light et_pb_module et_flex_module preset--group--divi-text--divi-font-body--h1yjkjr--yw843l4qtf\"><div class=\"et_pb_text_inner\"><p class=\"p1\">En <b>Mallorca Graphics<\/b>, nuestra iniciativa de dise\u00f1o web pro-bono apoya a personas, organizaciones y peque\u00f1as empresas que est\u00e1n creando un impacto positivo. Nos centramos especialmente en proyectos de Mallorca y de fuera de ella que necesitan apoyo profesional para compartir su historia en Internet. <\/p>\n<p class=\"p1\"><img decoding=\"async\" src=\"https:\/\/mallorcagraphics.com\/wp-content\/uploads\/2026\/01\/probono.avif\" width=\"40%\" alt=\"Dise\u00f1o web gratuito\" class=\"wp-image-987516389 alignright size-full\">Creemos que un buen dise\u00f1o puede ser una poderosa fuerza de crecimiento. Las ideas significativas y las causas que merecen la pena merecen visibilidad, y un sitio web bien dise\u00f1ado puede ayudar a amplificar su mensaje, llegar a nuevos p\u00fablicos y crear un impacto duradero. <\/p>\n<p class=\"p1\">Cada a\u00f1o, seleccionamos cuidadosamente un n\u00famero limitado de proyectos de dise\u00f1o web pro-bono. Si diriges una iniciativa comunitaria, apoyas causas sociales o medioambientales, fomentas la cultura y la creatividad o diriges un proyecto con un prop\u00f3sito, te animamos a que te pongas en contacto con nosotros. <\/p>\n<h3>Qu\u00e9 ofrecemos<\/h3>\n<ul>\n<li>\n<p class=\"p1\">Un sitio web profesional y adaptable, dise\u00f1ado con cuidado y atenci\u00f3n al detalle<\/p>\n<\/li>\n<li>\n<p class=\"p1\">Orientaci\u00f3n sobre la marca, la estructura y la claridad del contenido<\/p>\n<\/li>\n<li>\n<p class=\"p1\">Configuraci\u00f3n SEO b\u00e1sica y recomendaciones de buenas pr\u00e1cticas<\/p>\n<\/li>\n<li>\n<p class=\"p1\">Apoyo con alojamiento y mantenimiento continuo*.<\/p>\n<\/li>\n<\/ul>\n<h3>A qui\u00e9n va dirigido<\/h3>\n<p class=\"p1\">Se da prioridad a los proyectos que<\/p>\n<ul>\n<li>\n<p class=\"p1\">Tener una misi\u00f3n social, cultural o medioambiental clara<\/p>\n<\/li>\n<li>\n<p class=\"p1\">Tienes tu sede en Mallorca o Baleares<\/p>\n<\/li>\n<li>\n<p class=\"p1\">Presentar una visi\u00f3n significativa, positiva y bien definida<\/p>\n<\/li>\n<li>\n<p class=\"p1\">Est\u00e1n dirigidos por voluntarios o peque\u00f1os equipos con recursos limitados<\/p>\n<\/li>\n<\/ul>\n<h3>C\u00f3mo solicitarlo<\/h3>\n<p class=\"p1\">Si crees que tu proyecto se beneficiar\u00eda de un sitio web profesional, nos encantar\u00eda tener noticias tuyas. Env\u00edanos un breve correo electr\u00f3nico explic\u00e1ndonos: <\/p>\n<ul>\n<li>\n<p class=\"p1\">Qui\u00e9n es usted<\/p>\n<\/li>\n<li>\n<p class=\"p1\">De qu\u00e9 trata su proyecto<\/p>\n<\/li>\n<li>\n<p class=\"p1\">Por qu\u00e9 un sitio web te ayudar\u00eda a crear impacto<\/p>\n<\/li>\n<\/ul>\n<p class=\"p4\"><span class=\"s3\">\ud83d\udc49 <\/span><b>Solicita apoyo Pro-Bono y utilicemos el dise\u00f1o para crear juntos algo significativo.<\/b><\/p>\n<\/div><\/div>\n<\/div>\n<\/div>\n<\/div>","protected":false},"excerpt":{"rendered":"","protected":false},"author":1,"featured_media":0,"parent":0,"menu_order":0,"comment_status":"closed","ping_status":"closed","template":"","meta":{"iawp_total_views":0,"footnotes":""},"class_list":["post-987516739","page","type-page","status-publish","hentry"],"yoast_head":"<!-- This site is optimized with the Yoast SEO Premium plugin v27.5 (Yoast SEO v27.5) - https:\/\/yoast.com\/product\/yoast-seo-premium-wordpress\/ -->\n<title>Dise\u00f1o web gratuito - Mallorca Graphics<\/title>\n<meta name=\"robots\" content=\"index, follow, max-snippet:-1, max-image-preview:large, max-video-preview:-1\" \/>\n<link rel=\"canonical\" href=\"https:\/\/mallorcagraphics.com\/es\/diseno-web-gratuito\/\" \/>\n<meta property=\"og:locale\" content=\"es_ES\" \/>\n<meta property=\"og:type\" content=\"article\" \/>\n<meta property=\"og:title\" content=\"Dise\u00f1o web gratuito\" \/>\n<meta property=\"og:url\" content=\"https:\/\/mallorcagraphics.com\/es\/diseno-web-gratuito\/\" \/>\n<meta property=\"og:site_name\" content=\"Mallorca Graphics\" \/>\n<meta property=\"article:publisher\" content=\"https:\/\/www.facebook.com\/MallorcaGraphics\" \/>\n<meta property=\"article:modified_time\" content=\"2026-02-14T16:36:38+00:00\" \/>\n<meta name=\"twitter:card\" content=\"summary_large_image\" \/>\n<script type=\"application\/ld+json\" class=\"yoast-schema-graph\">{\"@context\":\"https:\\\/\\\/schema.org\",\"@graph\":[{\"@type\":\"WebPage\",\"@id\":\"https:\\\/\\\/mallorcagraphics.com\\\/es\\\/diseno-web-gratuito\\\/\",\"url\":\"https:\\\/\\\/mallorcagraphics.com\\\/es\\\/diseno-web-gratuito\\\/\",\"name\":\"Dise\u00f1o web gratuito - Mallorca Graphics\",\"isPartOf\":{\"@id\":\"https:\\\/\\\/mallorcagraphics.com\\\/es\\\/#website\"},\"datePublished\":\"2026-01-17T17:31:40+00:00\",\"dateModified\":\"2026-02-14T16:36:38+00:00\",\"breadcrumb\":{\"@id\":\"https:\\\/\\\/mallorcagraphics.com\\\/es\\\/diseno-web-gratuito\\\/#breadcrumb\"},\"inLanguage\":\"es\",\"potentialAction\":[{\"@type\":\"ReadAction\",\"target\":[\"https:\\\/\\\/mallorcagraphics.com\\\/es\\\/diseno-web-gratuito\\\/\"]}]},{\"@type\":\"BreadcrumbList\",\"@id\":\"https:\\\/\\\/mallorcagraphics.com\\\/es\\\/diseno-web-gratuito\\\/#breadcrumb\",\"itemListElement\":[{\"@type\":\"ListItem\",\"position\":1,\"name\":\"Home\",\"item\":\"https:\\\/\\\/mallorcagraphics.com\\\/es\\\/\"},{\"@type\":\"ListItem\",\"position\":2,\"name\":\"Dise\u00f1o web gratuito\"}]},{\"@type\":\"WebSite\",\"@id\":\"https:\\\/\\\/mallorcagraphics.com\\\/es\\\/#website\",\"url\":\"https:\\\/\\\/mallorcagraphics.com\\\/es\\\/\",\"name\":\"Mallorca Graphics\",\"description\":\"\",\"publisher\":{\"@id\":\"https:\\\/\\\/mallorcagraphics.com\\\/es\\\/#organization\"},\"potentialAction\":[{\"@type\":\"SearchAction\",\"target\":{\"@type\":\"EntryPoint\",\"urlTemplate\":\"https:\\\/\\\/mallorcagraphics.com\\\/es\\\/?s={search_term_string}\"},\"query-input\":{\"@type\":\"PropertyValueSpecification\",\"valueRequired\":true,\"valueName\":\"search_term_string\"}}],\"inLanguage\":\"es\"},{\"@type\":\"Organization\",\"@id\":\"https:\\\/\\\/mallorcagraphics.com\\\/es\\\/#organization\",\"name\":\"Mallorca Graphics\",\"url\":\"https:\\\/\\\/mallorcagraphics.com\\\/es\\\/\",\"logo\":{\"@type\":\"ImageObject\",\"inLanguage\":\"es\",\"@id\":\"https:\\\/\\\/mallorcagraphics.com\\\/es\\\/#\\\/schema\\\/logo\\\/image\\\/\",\"url\":\"https:\\\/\\\/mallorcagraphics.com\\\/wp-content\\\/uploads\\\/2026\\\/01\\\/Logo_header_200px.png\",\"contentUrl\":\"https:\\\/\\\/mallorcagraphics.com\\\/wp-content\\\/uploads\\\/2026\\\/01\\\/Logo_header_200px.png\",\"width\":200,\"height\":61,\"caption\":\"Mallorca Graphics\"},\"image\":{\"@id\":\"https:\\\/\\\/mallorcagraphics.com\\\/es\\\/#\\\/schema\\\/logo\\\/image\\\/\"},\"sameAs\":[\"https:\\\/\\\/www.facebook.com\\\/MallorcaGraphics\",\"https:\\\/\\\/www.linkedin.com\\\/company\\\/mallorca-graphics\\\/\",\"https:\\\/\\\/www.instagram.com\\\/mallorca.graphics\\\/\",\"https:\\\/\\\/www.youtube.com\\\/@Mallorca.Graphics\\\/\"]}]}<\/script>\n<!-- \/ Yoast SEO Premium plugin. -->","yoast_head_json":{"title":"Dise\u00f1o web gratuito - Mallorca Graphics","robots":{"index":"index","follow":"follow","max-snippet":"max-snippet:-1","max-image-preview":"max-image-preview:large","max-video-preview":"max-video-preview:-1"},"canonical":"https:\/\/mallorcagraphics.com\/es\/diseno-web-gratuito\/","og_locale":"es_ES","og_type":"article","og_title":"Dise\u00f1o web gratuito","og_url":"https:\/\/mallorcagraphics.com\/es\/diseno-web-gratuito\/","og_site_name":"Mallorca Graphics","article_publisher":"https:\/\/www.facebook.com\/MallorcaGraphics","article_modified_time":"2026-02-14T16:36:38+00:00","twitter_card":"summary_large_image","schema":{"@context":"https:\/\/schema.org","@graph":[{"@type":"WebPage","@id":"https:\/\/mallorcagraphics.com\/es\/diseno-web-gratuito\/","url":"https:\/\/mallorcagraphics.com\/es\/diseno-web-gratuito\/","name":"Dise\u00f1o web gratuito - Mallorca Graphics","isPartOf":{"@id":"https:\/\/mallorcagraphics.com\/es\/#website"},"datePublished":"2026-01-17T17:31:40+00:00","dateModified":"2026-02-14T16:36:38+00:00","breadcrumb":{"@id":"https:\/\/mallorcagraphics.com\/es\/diseno-web-gratuito\/#breadcrumb"},"inLanguage":"es","potentialAction":[{"@type":"ReadAction","target":["https:\/\/mallorcagraphics.com\/es\/diseno-web-gratuito\/"]}]},{"@type":"BreadcrumbList","@id":"https:\/\/mallorcagraphics.com\/es\/diseno-web-gratuito\/#breadcrumb","itemListElement":[{"@type":"ListItem","position":1,"name":"Home","item":"https:\/\/mallorcagraphics.com\/es\/"},{"@type":"ListItem","position":2,"name":"Dise\u00f1o web gratuito"}]},{"@type":"WebSite","@id":"https:\/\/mallorcagraphics.com\/es\/#website","url":"https:\/\/mallorcagraphics.com\/es\/","name":"Mallorca Graphics","description":"","publisher":{"@id":"https:\/\/mallorcagraphics.com\/es\/#organization"},"potentialAction":[{"@type":"SearchAction","target":{"@type":"EntryPoint","urlTemplate":"https:\/\/mallorcagraphics.com\/es\/?s={search_term_string}"},"query-input":{"@type":"PropertyValueSpecification","valueRequired":true,"valueName":"search_term_string"}}],"inLanguage":"es"},{"@type":"Organization","@id":"https:\/\/mallorcagraphics.com\/es\/#organization","name":"Mallorca Graphics","url":"https:\/\/mallorcagraphics.com\/es\/","logo":{"@type":"ImageObject","inLanguage":"es","@id":"https:\/\/mallorcagraphics.com\/es\/#\/schema\/logo\/image\/","url":"https:\/\/mallorcagraphics.com\/wp-content\/uploads\/2026\/01\/Logo_header_200px.png","contentUrl":"https:\/\/mallorcagraphics.com\/wp-content\/uploads\/2026\/01\/Logo_header_200px.png","width":200,"height":61,"caption":"Mallorca Graphics"},"image":{"@id":"https:\/\/mallorcagraphics.com\/es\/#\/schema\/logo\/image\/"},"sameAs":["https:\/\/www.facebook.com\/MallorcaGraphics","https:\/\/www.linkedin.com\/company\/mallorca-graphics\/","https:\/\/www.instagram.com\/mallorca.graphics\/","https:\/\/www.youtube.com\/@Mallorca.Graphics\/"]}]}},"_links":{"self":[{"href":"https:\/\/mallorcagraphics.com\/es\/wp-json\/wp\/v2\/pages\/987516739","targetHints":{"allow":["GET"]}}],"collection":[{"href":"https:\/\/mallorcagraphics.com\/es\/wp-json\/wp\/v2\/pages"}],"about":[{"href":"https:\/\/mallorcagraphics.com\/es\/wp-json\/wp\/v2\/types\/page"}],"author":[{"embeddable":true,"href":"https:\/\/mallorcagraphics.com\/es\/wp-json\/wp\/v2\/users\/1"}],"replies":[{"embeddable":true,"href":"https:\/\/mallorcagraphics.com\/es\/wp-json\/wp\/v2\/comments?post=987516739"}],"version-history":[{"count":1,"href":"https:\/\/mallorcagraphics.com\/es\/wp-json\/wp\/v2\/pages\/987516739\/revisions"}],"predecessor-version":[{"id":987516741,"href":"https:\/\/mallorcagraphics.com\/es\/wp-json\/wp\/v2\/pages\/987516739\/revisions\/987516741"}],"wp:attachment":[{"href":"https:\/\/mallorcagraphics.com\/es\/wp-json\/wp\/v2\/media?parent=987516739"}],"curies":[{"name":"wp","href":"https:\/\/api.w.org\/{rel}","templated":true}]}}